{"id":91302,"date":"2022-01-27T14:02:39","date_gmt":"2022-01-27T12:02:39","guid":{"rendered":"https:\/\/ipediatria.cat\/?page_id=91302"},"modified":"2023-08-25T11:20:56","modified_gmt":"2023-08-25T09:20:56","slug":"home","status":"publish","type":"page","link":"https:\/\/ipediatria.cat\/es\/","title":{"rendered":"Home"},"content":{"rendered":"<section class=\"wpb-content-wrapper\"><p>[vc_row full_height=\u00bbyes\u00bb content_placement=\u00bbmiddle\u00bb bg_position=\u00bbcenter top\u00bb bg_attachment=\u00bbfixed\u00bb css=\u00bb.vc_custom_1597934510319{padding-top: 150px !important;padding-bottom: 150px !important;background-image: url(http:\/\/ipediatria.cat\/wp-content\/uploads\/2019\/04\/Home_baixa_3.jpg?id=68) !important;background-position: center !important;background-repeat: no-repeat !important;background-size: cover !important;}\u00bb][vc_column offset=\u00bbvc_col-md-8&#8243; responsive_css=\u00bbpadding_right_medium:5%25|padding_left_medium:5%25&#8243;][vc_empty_space height=\u00bb50%\u00bb][vc_column_text]<\/p>\n<h3 style=\"font-weight: 300; text-transform: none; color: #03a9f4; font-size: 80px; line-height: 80px;\"><strong>Un nuevo concepto<\/strong><\/h3>\n<p>[\/vc_column_text][vc_column_text css_animation=\u00bbslideInLeft\u00bb]<\/p>\n<h3><span style=\"color: #ffffff;\"><strong>La salud es la base del desarrollo personal y de la felicidad, por eso buscamos el bienestar f\u00edsico y emocional.<\/strong><\/span><\/h3>\n<p>[\/vc_column_text][\/vc_column][\/vc_row][vc_row css=\u00bb.vc_custom_1589620365794{background-color: #ffffff !important;}\u00bb][vc_column width=\u00bb1\/6&#8243;][\/vc_column][vc_column width=\u00bb2\/3&#8243; css=\u00bb.vc_custom_1554570445701{margin-top: 50px !important;margin-bottom: 75px !important;}\u00bb][vc_column_text]<\/p>\n<h2 style=\"text-align: center;\">Queremos saludarte<\/h2>\n<h3 style=\"text-align: center;\">Somos un equipo de profesionales de la salud que entendemos las necesidades de las personas como propias. Ofrecemos un servicio de atenci\u00f3n m\u00e9dica familiar, especializado en pediatr\u00eda, ejercido por pediatras y enfermeras con soporte de m\u00e9dicos de familia y m\u00e9dicos especialistas en diferentes \u00e1reas como dermatolog\u00eda, ginecolog\u00eda, rehabilitaci\u00f3n, etc. Complementamos el servicio con otras \u00e1reas de la salud como fisioterapia, podolog\u00eda, logopedia y psicolog\u00eda. Ofrecemos atenci\u00f3n m\u00e9dica a domicilio los 7 d\u00edas de la semana, ofrecemos video consultas y visitamos presencialmente en nuestros consultorios m\u00e9dicos de Palafrugell y Palam\u00f3s, con cita previa y ofrecemos un consultorio online a trav\u00e9s de Whatsapp.<\/h3>\n<p>[\/vc_column_text][\/vc_column][vc_column width=\u00bb1\/6&#8243;][\/vc_column][\/vc_row][vc_row equal_height=\u00bbyes\u00bb css=\u00bb.vc_custom_1589620374398{background-color: #f7f7f7 !important;}\u00bb][vc_column width=\u00bb1\/6&#8243;][\/vc_column][vc_column width=\u00bb2\/3&#8243; css=\u00bb.vc_custom_1554760486902{margin-top: 75px !important;margin-bottom: 75px !important;}\u00bb el_id=\u00bbsomnosaltres\u00bb][vc_single_image image=\u00bb83&#8243; img_size=\u00bbfull\u00bb alignment=\u00bbcenter\u00bb][vc_column_text]<\/p>\n<h2 style=\"text-align: center;\">SOMOS NOSOTROS, SOMOS T\u00da<\/h2>\n<hr class=\"titol\" \/>\n<h3 style=\"text-align: center; margin-top: 40px;\">No nos gustan las prisas, ni las colas, porque ofrecemos un servicio totalmente personalizado y de alta calidad centrado en el paciente. Somos referentes en la asistencia m\u00e9dica privada.<\/h3>\n<p>[\/vc_column_text][\/vc_column][vc_column width=\u00bb1\/6&#8243;][\/vc_column][\/vc_row][vc_row equal_height=\u00bbyes\u00bb css=\u00bb.vc_custom_1589620382197{background-color: #f7f7f7 !important;}\u00bb][vc_column css=\u00bb.vc_custom_1554571815865{margin-top: 50px !important;}\u00bb][vc_row_inner css=\u00bb.vc_custom_1554571866476{margin-top: 30px !important;margin-bottom: 20px !important;}\u00bb][vc_column_inner width=\u00bb1\/3&#8243;][vc_single_image image=\u00bb84&#8243; img_size=\u00bbfull\u00bb alignment=\u00bbcenter\u00bb][vc_column_text]<\/p>\n<h3 style=\"text-align: center;\">DISPONIBILIDAD<\/h3>\n<p style=\"text-align: center;\">Atenci\u00f3n m\u00e9dica a domicilio los 7 d\u00edas a la semana, u otras opciones en nuestras consultas a horas convenidas<\/p>\n<p>[\/vc_column_text][\/vc_column_inner][vc_column_inner width=\u00bb1\/3&#8243;][vc_single_image image=\u00bb85&#8243; img_size=\u00bbfull\u00bb alignment=\u00bbcenter\u00bb][vc_column_text]<\/p>\n<h3 style=\"text-align: center;\">EQUIPO M\u00c9DICO<\/h3>\n<p style=\"text-align: center;\">Todos los miembros de nuestro equipo son profesionales con una dilatada experiencia profesional y en el trato personal<\/p>\n<p>[\/vc_column_text][\/vc_column_inner][vc_column_inner width=\u00bb1\/3&#8243;][vc_single_image image=\u00bb86&#8243; img_size=\u00bbfull\u00bb alignment=\u00bbcenter\u00bb][vc_column_text]<\/p>\n<h3 style=\"text-align: center;\">FARMACIA<\/h3>\n<p style=\"text-align: center;\">En las visitas a domicilio, te facilitamos la primera dosis de medicaci\u00f3n (siempre que sea posible) para que no tengas que desplazarte a comprarlo de inmediato<\/p>\n<p>[\/vc_column_text][\/vc_column_inner][\/vc_row_inner][vc_row_inner css=\u00bb.vc_custom_1554572229244{margin-top: 50px !important;margin-bottom: 100px !important;}\u00bb][vc_column_inner width=\u00bb1\/3&#8243;][vc_single_image image=\u00bb87&#8243; img_size=\u00bbfull\u00bb alignment=\u00bbcenter\u00bb][vc_column_text]<\/p>\n<h3 style=\"text-align: center;\">DETECCI\u00d3N R\u00c1PIDA<\/h3>\n<p style=\"text-align: center;\">Para las patolog\u00edas m\u00e1s frecuentes no tendr\u00e1s que esperar a los resultados del laboratorio, gracias a nuestros tests de detecci\u00f3n r\u00e1pida y PCR (incluido COVID-19)<\/p>\n<p>[\/vc_column_text][\/vc_column_inner][vc_column_inner width=\u00bb1\/3&#8243;][vc_single_image image=\u00bb88&#8243; img_size=\u00bbfull\u00bb alignment=\u00bbcenter\u00bb][vc_column_text]<\/p>\n<h3 style=\"text-align: center;\">VACUNACI\u00d3N<\/h3>\n<p style=\"text-align: center;\">Somos centro vacunal autorizado y disponemos de las vacunas del calendario estatal, y tambi\u00e9n te ofrecemos otras vacunas recomendadas<\/p>\n<p>[\/vc_column_text][\/vc_column_inner][vc_column_inner width=\u00bb1\/3&#8243;][vc_single_image image=\u00bb89&#8243; img_size=\u00bbfull\u00bb alignment=\u00bbcenter\u00bb][vc_column_text]<\/p>\n<h3 style=\"text-align: center;\">PRUEBAS COMPLEMENTARIAS<\/h3>\n<p style=\"text-align: center;\">Tenemos convenios de colaboraci\u00f3n con centros m\u00e9dicos, hospitales de referencia y laboratorios para realizar pruebas m\u00e1s espec\u00edficas si se requieren<\/p>\n<p>[\/vc_column_text][\/vc_column_inner][\/vc_row_inner][\/vc_column][\/vc_row][vc_row css=\u00bb.vc_custom_1589620392081{background-color: #ffffff !important;}\u00bb][vc_column width=\u00bb1\/6&#8243;][\/vc_column][vc_column width=\u00bb2\/3&#8243; css=\u00bb.vc_custom_1554760496391{margin-top: 6% !important;margin-bottom: 75px !important;}\u00bb el_id=\u00bbonsom\u00bb][vc_single_image image=\u00bb90&#8243; img_size=\u00bbfull\u00bb alignment=\u00bbcenter\u00bb][vc_column_text]<\/p>\n<h2 style=\"text-align: center;\">DIFERENTES OPCIONES PARA VISITARTE<\/h2>\n<hr class=\"titol\" \/>\n<p>[\/vc_column_text][\/vc_column][vc_column width=\u00bb1\/6&#8243;][\/vc_column][\/vc_row][vc_row full_width=\u00bbstretch_row\u00bb gap=\u00bb0&#8243; equal_height=\u00bbyes\u00bb content_placement=\u00bbtop\u00bb css=\u00bb.vc_custom_1589620399078{background-color: #ffffff !important;}\u00bb][vc_column css=\u00bb.vc_custom_1640193733463{padding-top: 2% !important;padding-right: 34% !important;padding-bottom: 2% !important;padding-left: 34% !important;background-color: #e8e8e8 !important;}\u00bb el_class=\u00bbblanc\u00bb][vc_column_text]<\/p>\n<h3 style=\"text-align: center;\"><span style=\"color: #49a7ee;\">CONSULTORIO ONLINE<\/span><\/h3>\n<p>[\/vc_column_text][vc_separator color=\u00bbcustom\u00bb border_width=\u00bb5&#8243; accent_color=\u00bb#49a7ee\u00bb][vc_row_inner][vc_column_inner width=\u00bb1\/2&#8243; css=\u00bb.vc_custom_1640193145717{padding-right: 20px !important;padding-left: 20px !important;}\u00bb][vc_column_text]<\/p>\n<p style=\"text-align: left;\"><span style=\"color: #49a7ee;\"><strong>Todos los d\u00edas<\/strong><\/span><\/p>\n<p>[\/vc_column_text][\/vc_column_inner][vc_column_inner width=\u00bb1\/2&#8243; css=\u00bb.vc_custom_1640193152385{padding-right: 20px !important;padding-left: 20px !important;}\u00bb][vc_column_text]<\/p>\n<p style=\"text-align: right;\"><span style=\"color: #49a7ee;\"><strong>De 7 a 24 h<\/strong><\/span><\/p>\n<p>[\/vc_column_text][\/vc_column_inner][\/vc_row_inner][vc_separator color=\u00bbcustom\u00bb accent_color=\u00bb#49a7ee\u00bb][vc_row_inner][vc_column_inner align=\u00bbtext-center\u00bb css=\u00bb.vc_custom_1590768940813{padding-top: 10px !important;padding-right: 20px !important;padding-bottom: 10px !important;padding-left: 20px !important;}\u00bb]<a href=\"https:\/\/ipediatria.imedicplatform.com\/\" title=\"botiga\" target=\"_blank\" class=\"btn btn-solid btn-lg btn-bordered border-thin ld_button_69f2d94ff2d74\">\n\t<span>\n\t\t\n\t\t\t\t\t<span class=\"btn-txt\">ACCEDER<\/span>\n\t\t\t\n\t<span class=\"btn-icon\"><i class=\"fa fa-chevron-circle-right\"><\/i><\/span>\t\t\t<\/span>\n<\/a>\n[\/vc_column_inner][\/vc_row_inner][\/vc_column][\/vc_row][vc_row full_width=\u00bbstretch_row\u00bb gap=\u00bb0&#8243; equal_height=\u00bbyes\u00bb content_placement=\u00bbtop\u00bb css=\u00bb.vc_custom_1589620399078{background-color: #ffffff !important;}\u00bb][vc_column width=\u00bb1\/3&#8243; css=\u00bb.vc_custom_1643285854946{padding-top: 8% !important;padding-right: 6% !important;padding-bottom: 10% !important;padding-left: 6% !important;background-color: #2e5daa !important;}\u00bb el_class=\u00bbblanc\u00bb][vc_column_text]<\/p>\n<h3 style=\"text-align: center;\">VISITES A DOMICILIO<\/h3>\n<p>[\/vc_column_text][vc_separator color=\u00bbwhite\u00bb border_width=\u00bb5&#8243;][vc_column_text css=\u00bb.vc_custom_1643285419232{padding-right: 5px !important;padding-left: 5px !important;}\u00bb]<\/p>\n<p style=\"text-align: center;\"><span style=\"color: #ffffff;\">A trav\u00e9s de la pr\u00e1ctica diaria en hospitales y centros Atenci\u00f3n Primaria, detectamos la necesidad de ofrecer soluciones a las nuevas demandas asistenciales, que permitan conciliar asistencia m\u00e9dica de calidad y personalizada, con los est\u00e1ndares de vida laboral y escolar actuales.<\/span><\/p>\n<p>[\/vc_column_text][vc_separator color=\u00bbwhite\u00bb][vc_row_inner][vc_column_inner width=\u00bb1\/2&#8243; css=\u00bb.vc_custom_1554757511250{padding-top: 10px !important;padding-right: 20px !important;padding-bottom: 10px !important;padding-left: 20px !important;}\u00bb][vc_column_text]<\/p>\n<p style=\"text-align: left;\"><span style=\"color: #ffffff;\"><strong>Todos los d\u00edas<\/strong><\/span><\/p>\n<p>[\/vc_column_text][\/vc_column_inner][vc_column_inner width=\u00bb1\/2&#8243; css=\u00bb.vc_custom_1554757525740{padding-top: 10px !important;padding-right: 20px !important;padding-bottom: 10px !important;padding-left: 20px !important;}\u00bb][vc_column_text]<\/p>\n<p style=\"text-align: right;\"><span style=\"color: #ffffff;\"><strong>De 7 a 24 h<\/strong><\/span><\/p>\n<p>[\/vc_column_text][\/vc_column_inner][\/vc_row_inner][vc_separator color=\u00bbwhite\u00bb][vc_row_inner][vc_column_inner css=\u00bb.vc_custom_1554757511250{padding-top: 10px !important;padding-right: 20px !important;padding-bottom: 10px !important;padding-left: 20px !important;}\u00bb][vc_column_text]<\/p>\n<p style=\"text-align: left;\"><span style=\"color: #ffffff;\"><strong>Servicio reembolsable por la mayor\u00eda de compa\u00f1\u00edas de seguros<\/strong><\/span><\/p>\n<p>[\/vc_column_text][\/vc_column_inner][\/vc_row_inner][vc_separator color=\u00bbwhite\u00bb][vc_column_text css_animation=\u00bbtop-to-bottom\u00bb]<a href=\"https:\/\/wa.me\/34605166166\"><img loading=\"lazy\" decoding=\"async\" class=\"wp-image-91565 aligncenter\" src=\"https:\/\/ipediatria.cat\/wp-content\/uploads\/2023\/06\/Castella.svg\" alt=\"\" width=\"334\" height=\"71\" \/><\/a>[\/vc_column_text][\/vc_column][vc_column width=\u00bb1\/3&#8243; css=\u00bb.vc_custom_1554756738001{padding-top: 8% !important;padding-right: 6% !important;padding-bottom: 10% !important;padding-left: 6% !important;background-color: #3697c3 !important;}\u00bb el_class=\u00bbblanc\u00bb][vc_column_text]<\/p>\n<h3 style=\"text-align: center;\">CENTRE M\u00c8DIC PALAFRUGELL<\/h3>\n<p>[\/vc_column_text][vc_separator color=\u00bbwhite\u00bb border_width=\u00bb5&#8243;][vc_row_inner][vc_column_inner width=\u00bb1\/2&#8243; css=\u00bb.vc_custom_1554757462524{padding-top: 10px !important;padding-right: 20px !important;padding-bottom: 10px !important;padding-left: 20px !important;}\u00bb][vc_column_text]<\/p>\n<p style=\"text-align: left;\"><span style=\"color: #ffffff;\"><strong>Mi\u00e9rcoles<\/strong><\/span><\/p>\n<p>[\/vc_column_text][\/vc_column_inner][vc_column_inner width=\u00bb1\/2&#8243; css=\u00bb.vc_custom_1554757472821{padding-top: 10px !important;padding-right: 20px !important;padding-bottom: 10px !important;padding-left: 20px !important;}\u00bb][vc_column_text]<\/p>\n<p style=\"text-align: right;\"><span style=\"color: #ffffff;\"><strong>de 15.30 a 18 h<\/strong><\/span><\/p>\n<p>[\/vc_column_text][\/vc_column_inner][\/vc_row_inner][vc_separator color=\u00bbwhite\u00bb][vc_row_inner][vc_column_inner css=\u00bb.vc_custom_1554757545245{padding-top: 10px !important;padding-right: 20px !important;padding-bottom: 10px !important;padding-left: 20px !important;}\u00bb][vc_column_text]<\/p>\n<p style=\"text-align: left;\"><span style=\"color: #ffffff;\"><strong>Se aceptan mutuas. <a class=\"\" style=\"color: #ffffff;\" href=\"https:\/\/ipediatria.cat\/es\/mutuas\/\" target=\"_blank\" rel=\"noopener noreferrer\">Clic aqu\u00ed para consultar cu\u00e1les<\/a><\/strong><\/span><\/p>\n<p>[\/vc_column_text][\/vc_column_inner][\/vc_row_inner][vc_separator color=\u00bbwhite\u00bb][vc_row_inner][vc_column_inner css=\u00bb.vc_custom_1554757581608{padding-top: 10px !important;padding-right: 20px !important;padding-bottom: 10px !important;padding-left: 20px !important;}\u00bb][vc_column_text]<\/p>\n<p style=\"text-align: left;\"><span style=\"color: #ffffff;\"><strong>Centro vacunal<\/strong><\/span><\/p>\n<p>[\/vc_column_text][\/vc_column_inner][\/vc_row_inner][vc_separator color=\u00bbwhite\u00bb][vc_column_text]<\/p>\n<h3 style=\"text-align: center;\"><a href=\"tel:+34972306565\">+ 34 972 30 65 65<\/a><br \/>\nPla\u00e7a de Catalunya, 5 baixos<br \/>\n17200 \u00b7 Palafrugell<\/h3>\n<p>[\/vc_column_text][\/vc_column][vc_column width=\u00bb1\/3&#8243; css=\u00bb.vc_custom_1590769822043{padding-top: 8% !important;padding-right: 6% !important;padding-bottom: 10% !important;padding-left: 6% !important;background-color: #2e5daa !important;}\u00bb el_class=\u00bbblanc\u00bb][vc_column_text]<\/p>\n<h3 style=\"text-align: center;\">HOSPITAL-CL\u00cdNIC COSTA BRAVA<\/h3>\n<p>[\/vc_column_text][vc_separator color=\u00bbwhite\u00bb border_width=\u00bb5&#8243;][vc_row_inner][vc_column_inner width=\u00bb1\/2&#8243; css=\u00bb.vc_custom_1554757485574{padding-top: 10px !important;padding-right: 20px !important;padding-bottom: 10px !important;padding-left: 20px !important;}\u00bb][vc_column_text]<\/p>\n<p style=\"text-align: left;\"><span style=\"color: #ffffff;\"><strong>Consultar horarios<\/strong><\/span><\/p>\n<p>[\/vc_column_text][\/vc_column_inner][vc_column_inner width=\u00bb1\/2&#8243; css=\u00bb.vc_custom_1554757499163{padding-top: 10px !important;padding-right: 20px !important;padding-bottom: 10px !important;padding-left: 20px !important;}\u00bb][vc_column_text][\/vc_column_text][\/vc_column_inner][\/vc_row_inner][vc_separator color=\u00bbwhite\u00bb][vc_row_inner][vc_column_inner css=\u00bb.vc_custom_1554757626959{padding-top: 10px !important;padding-right: 20px !important;padding-bottom: 10px !important;padding-left: 20px !important;}\u00bb][vc_column_text]<\/p>\n<p style=\"text-align: left;\"><span style=\"color: #ffffff;\"><strong>Se aceptan mutuas. <a class=\"\" style=\"color: #ffffff;\" href=\"https:\/\/ipediatria.cat\/es\/mutuas\/\" target=\"_blank\" rel=\"noopener noreferrer\">Clic aqu\u00ed para consultar cu\u00e1les<\/a><\/strong><\/span><\/p>\n<p>[\/vc_column_text][\/vc_column_inner][\/vc_row_inner][vc_separator color=\u00bbwhite\u00bb][vc_row_inner][vc_column_inner css=\u00bb.vc_custom_1554757602125{padding-top: 10px !important;padding-right: 20px !important;padding-bottom: 10px !important;padding-left: 20px !important;}\u00bb][vc_column_text]<\/p>\n<p style=\"text-align: left;\"><span style=\"color: #ffffff;\"><strong>Centro vacunal<\/strong><\/span><\/p>\n<p>[\/vc_column_text][\/vc_column_inner][\/vc_row_inner][vc_separator color=\u00bbwhite\u00bb][vc_column_text]<\/p>\n<h3 style=\"text-align: center;\"><a href=\"tel:+34972609533\">+ 34 972 609 533<\/a><br \/>\nCarrer Mossen Gaspar Bosch, s\/n<br \/>\n17230 \u00b7 Palam\u00f3s<\/h3>\n<p>[\/vc_column_text][\/vc_column][\/vc_row][vc_row full_width=\u00bbstretch_row\u00bb css=\u00bb.vc_custom_1589620412703{background-color: #ffffff !important;}\u00bb][vc_column width=\u00bb1\/6&#8243;][\/vc_column][vc_column width=\u00bb2\/3&#8243; css=\u00bb.vc_custom_1554760515102{margin-top: 6% !important;margin-bottom: 6% !important;}\u00bb el_id=\u00bbequip\u00bb][vc_single_image image=\u00bb101&#8243; img_size=\u00bbfull\u00bb alignment=\u00bbcenter\u00bb][vc_column_text]<\/p>\n<h2 style=\"text-align: center;\">EQUIPO DIRECTIVO<\/h2>\n<hr class=\"titol\" \/>\n<p>[\/vc_column_text][vc_empty_space height=\u00bb40px\u00bb][vc_column_text]<\/p>\n<h3 style=\"text-align: center;\">Todas las personas que trabajamos en iPediatria&amp;iDoctor nos avalan los a\u00f1os de experiencia profesional y la convicci\u00f3n de que el trato humano y personal es un primer paso obligado en la b\u00fasqueda del bienestar. El equipo est\u00e1 liderado por:<\/h3>\n<p>[\/vc_column_text][\/vc_column][vc_column width=\u00bb1\/6&#8243;][\/vc_column][\/vc_row][vc_row gap=\u00bb25&#8243; content_placement=\u00bbtop\u00bb css=\u00bb.vc_custom_1589620421065{padding-top: 2% !important;padding-right: 4% !important;padding-left: 4% !important;background-color: #ffffff !important;}\u00bb][vc_column width=\u00bb1\/3&#8243;]<div id=\"ld_team_member_69f2d94ff3ea5\" class=\"ld-tm d-flex flex-column text-center ld_team_member_69f2d94ff3ea5\">\n\n\t\n\t<div class=\"ld-tm-info\">\n\n\t\t<h3 class=\"ld-tm-name size-sm font-weight-semibold mb-3\">DRA. IRATXE OLABEGOYA<\/h3>\t\t<h6 class=\"ld-tm-pos text-uppercase ltr-sp-175 font-weight-bold mb-3 color-primary\">Directora fundadora<\/h6>\t\t<p>M\u00e1s de 18 a\u00f1os de experiencia en pediatr\u00eda de atenci\u00f3n primaria. Su visi\u00f3n de la medicina se basa en la conexi\u00f3n con el paciente y su entorno.<\/p>\n\t\t<ul class=\"ld-tm-social social-icon branded-text mt-3\"><\/ul>\n\t<\/div><!-- \/.ld-tm-info -->\n\n\t\n<\/div><!-- \/.ld-team-member -->[vc_icon icon_fontawesome=\u00bbfa fa-envelope\u00bb color=\u00bbblack\u00bb size=\u00bblg\u00bb align=\u00bbcenter\u00bb link=\u00bburl:mailto%3Airatxe%40ipediatria.cat|||\u00bb][\/vc_column][vc_column width=\u00bb1\/3&#8243;]<div id=\"ld_team_member_69f2d94ff4060\" class=\"ld-tm d-flex flex-column text-center ld_team_member_69f2d94ff4060\">\n\n\t\n\t<div class=\"ld-tm-info\">\n\n\t\t<h3 class=\"ld-tm-name size-sm font-weight-semibold mb-3\">DR. PERE PLAJA<\/h3>\t\t<h6 class=\"ld-tm-pos text-uppercase ltr-sp-175 font-weight-bold mb-3 color-primary\">Socio fundador<\/h6>\t\t<p>Ha desarrollado toda su carrera en el \u00e1mbito de la pediatr\u00eda de atenci\u00f3n primaria y hospitalaria, alternando con cargos de direcci\u00f3n. Docente en la UdG e investigador.<\/p>\n\t\t<ul class=\"ld-tm-social social-icon branded-text mt-3\"><\/ul>\n\t<\/div><!-- \/.ld-tm-info -->\n\n\t\n<\/div><!-- \/.ld-team-member -->[vc_icon icon_fontawesome=\u00bbfa fa-envelope\u00bb color=\u00bbblack\u00bb size=\u00bblg\u00bb align=\u00bbcenter\u00bb link=\u00bburl:mailto%3Apere%40ipediatria.cat|||\u00bb][\/vc_column][vc_column width=\u00bb1\/3&#8243;]<div id=\"ld_team_member_69f2d94ff41ce\" class=\"ld-tm d-flex flex-column text-center ld_team_member_69f2d94ff41ce\">\n\n\t\n\t<div class=\"ld-tm-info\">\n\n\t\t<h3 class=\"ld-tm-name size-sm font-weight-semibold mb-3\">ENF. FINA AGUILAR<\/h3>\t\t<h6 class=\"ld-tm-pos text-uppercase ltr-sp-175 font-weight-bold mb-3 color-primary\">Socia fundadora<\/h6>\t\t<p>Enfermera pedi\u00e1trica con una dilatada experiencia en urgencias y vacunaci\u00f3n.<\/p>\n\t\t<ul class=\"ld-tm-social social-icon branded-text mt-3\"><\/ul>\n\t<\/div><!-- \/.ld-tm-info -->\n\n\t\n<\/div><!-- \/.ld-team-member -->[vc_icon icon_fontawesome=\u00bbfa fa-envelope\u00bb color=\u00bbblack\u00bb size=\u00bblg\u00bb align=\u00bbcenter\u00bb link=\u00bburl:mailto%3Afina%40ipediatria.cat|||\u00bb][\/vc_column][\/vc_row][vc_row full_width=\u00bbstretch_row\u00bb gap=\u00bb0&#8243; css=\u00bb.vc_custom_1589620428654{background-color: #ffffff !important;}\u00bb][vc_column css=\u00bb.vc_custom_1590767376359{margin-top: 100px !important;padding-top: 6% !important;padding-right: 4% !important;padding-bottom: 4% !important;padding-left: 4% !important;background-image: url(http:\/\/ipediatria.cat\/wp-content\/uploads\/2019\/04\/citafons3.jpg?id=108) !important;}\u00bb el_class=\u00bbblanc\u00bb el_id=\u00bbpreguntans\u00bb][vc_row_inner][vc_column_inner width=\u00bb1\/6&#8243;][\/vc_column_inner][vc_column_inner width=\u00bb2\/3&#8243;][vc_column_text]<\/p>\n<h2 style=\"text-align: center;\">\u00bfUna duda, una sugerencia?<\/h2>\n<hr class=\"titol\" \/>\n<p>[\/vc_column_text][vc_empty_space height=\u00bb40px\u00bb][vc_column_text]<\/p>\n<h3 style=\"text-align: center;\">Puedes ponerte en contacto con nosotros para realizar cualquier consulta o solicitar una visita domiciliaria, o en los consultorios m\u00e9dicos de Palafrugell o Palam\u00f3s. Recuerda que tambi\u00e9n te visitamos si est\u00e1s alojado de vacaciones en un hotel o camping.<\/h3>\n<p>[\/vc_column_text][vc_empty_space height=\u00bb10px\u00bb]<style>.ld_cf7_69f2d95000141 input[type=\"submit\"], .ld_cf7_69f2d95000141 button[type=\"submit\"]{background:#03a9f4;color:rgb(255, 255, 255);}.ld_cf7_69f2d95000141 input, .ld_cf7_69f2d95000141 select, .ld_cf7_69f2d95000141 textarea, .ld_cf7_69f2d95000141 .ui-selectmenu-button{color:rgb(255, 255, 255);}.ld_cf7_69f2d95000141 input:focus, .ld_cf7_69f2d95000141 select:focus, .ld_cf7_69f2d95000141 textarea:focus, .ld_cf7_69f2d95000141 .ui-selectmenu-button:hover{color:rgb(228, 228, 228);}.ld_cf7_69f2d95000141 input[type=\"submit\"]:focus,.ld_cf7_69f2d95000141 input[type=\"submit\"]:hover, .ld_cf7_69f2d95000141 button[type=\"submit\"]:focus, .ld_cf7_69f2d95000141 button[type=\"submit\"]:hover{background:#e91e63;}.ld_cf7_69f2d95000141 input[type=\"submit\"]:hover, .ld_cf7_69f2d95000141 button[type=\"submit\"]:hover{color:rgb(255, 255, 255);}<\/style><div id=\"ld_cf7_69f2d95000141\" class=\"lqd-contact-form lqd-contact-form-inputs-md lqd-contact-form-inputs-underlined lqd-contact-form-inputs-border-thick formulari ld_cf7_69f2d95000141\">\n\t\n<div class=\"wpcf7 no-js\" id=\"wpcf7-f91317-o1\" lang=\"ca\" dir=\"ltr\" data-wpcf7-id=\"91317\">\n<div class=\"screen-reader-response\"><p role=\"status\" aria-live=\"polite\" aria-atomic=\"true\"><\/p> <ul><\/ul><\/div>\n<form action=\"\/es\/wp-json\/wp\/v2\/pages\/91302#wpcf7-f91317-o1\" method=\"post\" class=\"wpcf7-form init\" aria-label=\"Formulari de contacte\" novalidate=\"novalidate\" data-status=\"init\">\n<div style=\"display: none;\">\n<input type=\"hidden\" name=\"_wpcf7\" value=\"91317\" \/>\n<input type=\"hidden\" name=\"_wpcf7_version\" value=\"6.0.3\" \/>\n<input type=\"hidden\" name=\"_wpcf7_locale\" value=\"ca\" \/>\n<input type=\"hidden\" name=\"_wpcf7_unit_tag\" value=\"wpcf7-f91317-o1\" \/>\n<input type=\"hidden\" name=\"_wpcf7_container_post\" value=\"0\" \/>\n<input type=\"hidden\" name=\"_wpcf7_posted_data_hash\" value=\"\" \/>\n<input type=\"hidden\" name=\"_wpcf7_recaptcha_response\" value=\"\" \/>\n<\/div>\n<p><label> <span class=\"wpcf7-form-control-wrap\" data-name=\"nom-2\"><input size=\"40\" maxlength=\"400\" class=\"wpcf7-form-control wpcf7-text wpcf7-validates-as-required\" aria-required=\"true\" aria-invalid=\"false\" placeholder=\"Tu nombre (obligatorio)\" value=\"\" type=\"text\" name=\"nom-2\" \/><\/span> <\/label>\n<\/p>\n<p><label> <span class=\"wpcf7-form-control-wrap\" data-name=\"email-2\"><input size=\"40\" maxlength=\"400\" class=\"wpcf7-form-control wpcf7-email wpcf7-validates-as-required wpcf7-text wpcf7-validates-as-email\" aria-required=\"true\" aria-invalid=\"false\" placeholder=\"Correo electr\u00f3nico\" value=\"\" type=\"email\" name=\"email-2\" \/><\/span> <\/label>\n<\/p>\n<p><label> <span class=\"wpcf7-form-control-wrap\" data-name=\"telefon-1\"><input size=\"40\" maxlength=\"400\" class=\"wpcf7-form-control wpcf7-text\" aria-invalid=\"false\" placeholder=\"Tel\u00e9fono\" value=\"\" type=\"text\" name=\"telefon-1\" \/><\/span> <\/label>\n<\/p>\n<p><label> <span class=\"wpcf7-form-control-wrap\" data-name=\"missatge-2\"><textarea cols=\"40\" rows=\"10\" maxlength=\"2000\" class=\"wpcf7-form-control wpcf7-textarea\" aria-invalid=\"false\" placeholder=\"Mensaje\" name=\"missatge-2\"><\/textarea><\/span> <\/label>\n<\/p>\n<p><input class=\"wpcf7-form-control wpcf7-submit has-spinner\" type=\"submit\" value=\"Enviar\" \/>\n<\/p><div class=\"wpcf7-response-output\" aria-hidden=\"true\"><\/div>\n<\/form>\n<\/div>\n<\/div>[\/vc_column_inner][vc_column_inner width=\u00bb1\/6&#8243;][\/vc_column_inner][\/vc_row_inner][\/vc_column][\/vc_row][vc_row css=\u00bb.vc_custom_1592154736548{background-color: #ffffff !important;}\u00bb][vc_column css=\u00bb.vc_custom_1592154831963{margin-top: 100px !important;margin-bottom: 75px !important;padding-right: 4% !important;padding-bottom: 6% !important;padding-left: 4% !important;}\u00bb][vc_single_image image=\u00bb101&#8243; img_size=\u00bbfull\u00bb alignment=\u00bbcenter\u00bb][vc_column_text]<\/p>\n<h2 style=\"text-align: center;\">Tu opini\u00f3n, el mejor consejo<\/h2>\n<hr class=\"titol\" \/>\n<p>[\/vc_column_text]<div class=\"carousel-container carousel-nav-floated carousel-quotes-69f2d95006cc5\">\n\n\t<div class=\"carousel-items row testimonials-quote-only\" data-lqd-flickity='{ \"prevNextButtons\": true, \"buttonsAppendTo\": \".carousel-details-69f2d95006cc6\", \"navOffsets\": { \"nav\": { \"top\": \"30%\" } } }'>\n\n\t\t\n\t\t\t<div class=\"carousel-item col-xs-12\">\n\t\t\t\t<div class=\"testimonial testimonial-xl testimonial-details-sm text-center testimonials-quote-only\">\n\t\n\t\t\t\t\t\t\t\t\t\t<div class=\"testimonial-quote\">\n\t\t\t\t\t\t<blockquote>\n\t\t\t\t\t\t\t<h3 style=\"text-align: center\">\u201cSomos de Madrid y pasamos las vacaciones en Palam\u00f3s, y nuestro hija se puso enferma. Nos trataron perfectamente, r\u00e1pidos y muy profesionales. Los d\u00edas posteriores incluso hicieron el seguimiento de la evoluci\u00f3n a trav\u00e9s de whatsapp. 100% recomendable.\u201d<\/h3>\n\t\t\t\t\t\t<\/blockquote>\n\t\t\t\t\t<\/div><!-- \/.testimonial-qoute -->\n\t\t\t\t\t\t\t\t\t\t\n\t\t\t\t<\/div><!-- \/.testimonial -->\n\t\t\t<\/div><!-- \/.col-xs-12 -->\n\t\t\n\t\t\n\t\t\t<div class=\"carousel-item col-xs-12\">\n\t\t\t\t<div class=\"testimonial testimonial-xl testimonial-details-sm text-center testimonials-quote-only\">\n\t\n\t\t\t\t\t\t\t\t\t\t<div class=\"testimonial-quote\">\n\t\t\t\t\t\t<blockquote>\n\t\t\t\t\t\t\t<h3 style=\"text-align: center\">\u201cProfesionalidad y amabilidad absoluta\u201d<\/h3>\n\t\t\t\t\t\t<\/blockquote>\n\t\t\t\t\t<\/div><!-- \/.testimonial-qoute -->\n\t\t\t\t\t\t\t\t\t\t\n\t\t\t\t<\/div><!-- \/.testimonial -->\n\t\t\t<\/div><!-- \/.col-xs-12 -->\n\t\t\n\t\t\n\t\t\t<div class=\"carousel-item col-xs-12\">\n\t\t\t\t<div class=\"testimonial testimonial-xl testimonial-details-sm text-center testimonials-quote-only\">\n\t\n\t\t\t\t\t\t\t\t\t\t<div class=\"testimonial-quote\">\n\t\t\t\t\t\t<blockquote>\n\t\t\t\t\t\t\t<h3 style=\"text-align: center\">\u201cTenemos segunda residencia en la zona y siempre es nuestra opci\u00f3n cuando alguno de los ni\u00f1os se pone malo. Tenemos confianza plena en este equipo.\u201d<\/h3>\n\t\t\t\t\t\t<\/blockquote>\n\t\t\t\t\t<\/div><!-- \/.testimonial-qoute -->\n\t\t\t\t\t\t\t\t\t\t\n\t\t\t\t<\/div><!-- \/.testimonial -->\n\t\t\t<\/div><!-- \/.col-xs-12 -->\n\t\t\n\t\t\n\t\t\t<div class=\"carousel-item col-xs-12\">\n\t\t\t\t<div class=\"testimonial testimonial-xl testimonial-details-sm text-center testimonials-quote-only\">\n\t\n\t\t\t\t\t\t\t\t\t\t<div class=\"testimonial-quote\">\n\t\t\t\t\t\t<blockquote>\n\t\t\t\t\t\t\t<h3 style=\"text-align: center\">Es un servicio que funciona perfectamente, la m\u00e9dico que nos visit\u00f3 se nota que le gusta este trabajo. Da gusto encontrar profesionales as\u00ed!<\/h3>\n\t\t\t\t\t\t<\/blockquote>\n\t\t\t\t\t<\/div><!-- \/.testimonial-qoute -->\n\t\t\t\t\t\t\t\t\t\t\n\t\t\t\t<\/div><!-- \/.testimonial -->\n\t\t\t<\/div><!-- \/.col-xs-12 -->\n\t\t\n\t\t\n\t<\/div><!-- \/.carousel-items -->\n\n<\/div><!-- \/.carousel-container -->\n\n<div class=\"carousel-container carousel-nav-floated pos-rel carousel-details-69f2d95006cc6\">\n\n\t<div class=\"carousel-items row testimonials-details\" data-lqd-flickity='{ \"prevNextButtons\": false, \"asNavFor\": \".carousel-quotes-69f2d95006cc5 [data-lqd-flickity]\" }'>\n\n\t\t\t\t\t<div class=\"carousel-item col-lg-3 col-md-4 col-xs-6\">\n\t\t\t\t<div class=\"testimonial testimonial-xl testimonial-details-sm text-center testimonials-details-only \">\n\n\t\t\t\t\t<div class=\"testimonial-details\">\n\t\t\t\t\t\t\t\t\t\t\t\t\t\t\t\t\t\t\t<div class=\"testimonial-info\">\n\t\t\t\t\t\t\t\t<h5 class=\"\">M\u00f3nica<\/h5>\n\t\t\t\t\t\t\t<\/div><!-- \/.testimonial-info -->\n\t\t\t\t\t\t\t\t\t\t\t<\/div><!-- \/.testimonial-details -->\n\t\t\t\t\t\n\t\t\t\t<\/div><!-- \/.testimonial -->\n\t\t\t<\/div><!-- \/.col-lg-3 -->\n\t\t\t\t\t<div class=\"carousel-item col-lg-3 col-md-4 col-xs-6\">\n\t\t\t\t<div class=\"testimonial testimonial-xl testimonial-details-sm text-center testimonials-details-only \">\n\n\t\t\t\t\t<div class=\"testimonial-details\">\n\t\t\t\t\t\t\t\t\t\t\t\t\t\t\t\t\t\t\t<div class=\"testimonial-info\">\n\t\t\t\t\t\t\t\t<h5 class=\"\">Elena<\/h5>\n\t\t\t\t\t\t\t<\/div><!-- \/.testimonial-info -->\n\t\t\t\t\t\t\t\t\t\t\t<\/div><!-- \/.testimonial-details -->\n\t\t\t\t\t\n\t\t\t\t<\/div><!-- \/.testimonial -->\n\t\t\t<\/div><!-- \/.col-lg-3 -->\n\t\t\t\t\t<div class=\"carousel-item col-lg-3 col-md-4 col-xs-6\">\n\t\t\t\t<div class=\"testimonial testimonial-xl testimonial-details-sm text-center testimonials-details-only \">\n\n\t\t\t\t\t<div class=\"testimonial-details\">\n\t\t\t\t\t\t\t\t\t\t\t\t\t\t\t\t\t\t\t<div class=\"testimonial-info\">\n\t\t\t\t\t\t\t\t<h5 class=\"\">Andreu<\/h5>\n\t\t\t\t\t\t\t<\/div><!-- \/.testimonial-info -->\n\t\t\t\t\t\t\t\t\t\t\t<\/div><!-- \/.testimonial-details -->\n\t\t\t\t\t\n\t\t\t\t<\/div><!-- \/.testimonial -->\n\t\t\t<\/div><!-- \/.col-lg-3 -->\n\t\t\t\t\t<div class=\"carousel-item col-lg-3 col-md-4 col-xs-6\">\n\t\t\t\t<div class=\"testimonial testimonial-xl testimonial-details-sm text-center testimonials-details-only \">\n\n\t\t\t\t\t<div class=\"testimonial-details\">\n\t\t\t\t\t\t\t\t\t\t\t\t\t\t\t\t\t\t\t<div class=\"testimonial-info\">\n\t\t\t\t\t\t\t\t<h5 class=\"\">Eduard<\/h5>\n\t\t\t\t\t\t\t<\/div><!-- \/.testimonial-info -->\n\t\t\t\t\t\t\t\t\t\t\t<\/div><!-- \/.testimonial-details -->\n\t\t\t\t\t\n\t\t\t\t<\/div><!-- \/.testimonial -->\n\t\t\t<\/div><!-- \/.col-lg-3 -->\n\t\t\t\t\n\t<\/div><!-- \/.carousel-items -->\n\n<\/div><!-- \/.carousel-container -->[\/vc_column][\/vc_row]<\/p>\n<\/section>","protected":false},"excerpt":{"rendered":"<p>[vc_row full_height=\u00bbyes\u00bb content_placement=\u00bbmiddle\u00bb bg_position=\u00bbcenter top\u00bb bg_attachment=\u00bbfixed\u00bb css=\u00bb.vc_custom_1597934510319{padding-top: 150px !important;padding-bottom: 150px !important;background-image: url(http:\/\/ipediatria.cat\/wp-content\/uploads\/2019\/04\/Home_baixa_3.jpg?id=68) !important;background-position: center !important;background-repeat:&#8230;<\/p>\n","protected":false},"author":1,"featured_media":0,"parent":0,"menu_order":0,"comment_status":"closed","ping_status":"closed","template":"","meta":{"footnotes":""},"class_list":["post-91302","page","type-page","status-publish","hentry"],"_links":{"self":[{"href":"https:\/\/ipediatria.cat\/es\/wp-json\/wp\/v2\/pages\/91302","targetHints":{"allow":["GET"]}}],"collection":[{"href":"https:\/\/ipediatria.cat\/es\/wp-json\/wp\/v2\/pages"}],"about":[{"href":"https:\/\/ipediatria.cat\/es\/wp-json\/wp\/v2\/types\/page"}],"author":[{"embeddable":true,"href":"https:\/\/ipediatria.cat\/es\/wp-json\/wp\/v2\/users\/1"}],"replies":[{"embeddable":true,"href":"https:\/\/ipediatria.cat\/es\/wp-json\/wp\/v2\/comments?post=91302"}],"version-history":[{"count":14,"href":"https:\/\/ipediatria.cat\/es\/wp-json\/wp\/v2\/pages\/91302\/revisions"}],"predecessor-version":[{"id":91611,"href":"https:\/\/ipediatria.cat\/es\/wp-json\/wp\/v2\/pages\/91302\/revisions\/91611"}],"wp:attachment":[{"href":"https:\/\/ipediatria.cat\/es\/wp-json\/wp\/v2\/media?parent=91302"}],"curies":[{"name":"wp","href":"https:\/\/api.w.org\/{rel}","templated":true}]}}